{"id":2,"date":"2014-05-13T09:47:46","date_gmt":"2014-05-13T09:47:46","guid":{"rendered":"http:\/\/www.ced.org.tr\/?page_id=2"},"modified":"2020-01-04T16:48:38","modified_gmt":"2020-01-04T13:48:38","slug":"ornek-sayfa","status":"publish","type":"page","link":"http:\/\/www.ced.org.tr\/?page_id=2","title":{"rendered":"Derne\u011fimiz"},"content":{"rendered":"<p style=\"color: #000000;\"><strong>TAR\u0130H\u0130M\u0130Z<\/strong><\/p>\n<p style=\"color: #000000;\">\u201c\u00c7a\u011fda\u015f Eczac\u0131lar Derne\u011fi\u201d, yakla\u015f\u0131k y\u00fcz y\u0131ll\u0131k ge\u00e7mi\u015fe sahip ilk sivil eczac\u0131 \u00f6rg\u00fctlenmesinin g\u00fcn\u00fcm\u00fczdeki son \u00e7at\u0131s\u0131d\u0131r.<\/p>\n<p style=\"color: #000000;\">\u0130kinci Me\u015frutiyetin ilan\u0131ndan hemen sonra 1908 y\u0131l\u0131nda, T\u00fcrk eczac\u0131lar\u0131n\u0131n giri\u015fimi ile Hali\u00e7 fenerinde 250 eczac\u0131n\u0131n kat\u0131ld\u0131\u011f\u0131 bir toplant\u0131da, bir meslek cemiyeti kurma karar\u0131 al\u0131n\u0131yor.<\/p>\n<p style=\"color: #000000;\">Bu tarihten, Cumhuriyetin ilk y\u0131llar\u0131na kadar ge\u00e7en s\u00fcre i\u00e7indeki eczac\u0131 \u00f6rg\u00fctlenmesiyle ilgili bilgi, eczac\u0131l\u0131k tarihi kitaplar\u0131nda yer alm\u0131yor.<\/p>\n<p style=\"color: #000000;\">Eczac\u0131l\u0131k meslek \u00f6rg\u00fctlerinde ilk anti emperyalist tav\u0131r, yabanc\u0131 sermayeli ila\u00e7 firmalar\u0131na &nbsp;ve ila\u00e7 s\u00f6m\u00fcr\u00fcs\u00fcne kar\u015f\u0131 1960\u2019larda ortaya \u00e7\u0131k\u0131yor ve bu tav\u0131r 1970\u2019lerde, emek sermaye \u00e7eli\u015fkisinin ve sosyal devlet anlay\u0131\u015f\u0131n\u0131n programlara giri\u015fiyle \u00e7a\u011fda\u015f politikalara y\u00f6neliyor.<\/p>\n<p style=\"color: #000000;\">Yetmi\u015f ve seksenli y\u0131llar, \u201c\u00c7a\u011fda\u015f Eczac\u0131l\u0131k Hareketi\u201d ilkelerinin, \u00f6nce Eczac\u0131 Odas\u0131 y\u00f6netimlerinde, sonra da T\u00fcrk Eczac\u0131lar\u0131 Birli\u011fi y\u00f6netimlerinde etkinli\u011fini artt\u0131rd\u0131\u011f\u0131 y\u0131llar oluyor.<\/p>\n<p style=\"color: #000000;\">\u0130lk \u201c\u00c7a\u011fda\u015f Eczac\u0131l\u0131k Dergisi\u201d de, Eczane Sahipleri Derne\u011fi\u2019nin yay\u0131n organ\u0131 olarak, Temmuz 1976 tarihinde yay\u0131nl\u0131yor. Dergi, Mart 1977 tarihinde ba\u015flayarak, \u0130stanbul ve Ankara Eczac\u0131 Odalar\u0131n\u0131n yay\u0131n organ\u0131 olarak eczac\u0131lara ula\u015f\u0131yor.<\/p>\n<p style=\"color: #000000;\">12 Eyl\u00fcl 1980 sonras\u0131, ask\u0131ya al\u0131nan hukuk, demokrasi ve \u00f6rg\u00fctlenme \u00f6zg\u00fcrl\u00fckleri, \u201cEczane Sahipleri Derne\u011fi\u201dnin uzunca bir suskunluk d\u00f6nemine girmesiyle sonu\u00e7lan\u0131yor.<\/p>\n<p style=\"color: #000000;\">Cemiyet, \u00e7a\u011fda\u015f eczac\u0131lar\u0131n \u00e7abas\u0131yla 27.04.1999\u2019da ad\u0131n\u0131 \u201cT\u00fcm Eczac\u0131lar Derne\u011fi\u201d, 13.12.2001\u2019de \u201c\u00c7a\u011fda\u015f Eczac\u0131lar Derne\u011fi\u201d olarak de\u011fi\u015ftiriyor ve \u201c\u00c7a\u011fda\u015f Eczac\u0131l\u0131k Hareketi\u201d nin \u00fclke \u00e7ap\u0131nda yayg\u0131nla\u015ft\u0131r\u0131lmas\u0131 ve etkinle\u015ftirilmesi i\u00e7in, \u015fubele\u015fmeye olanak veren t\u00fcz\u00fck de\u011fi\u015fikliklerini yap\u0131yor.<\/p>\n<p style=\"color: #000000;\">\u00dclke \u00f6l\u00e7e\u011finde t\u00fcm \u00e7a\u011fda\u015f eczac\u0131lar\u0131 \u00e7at\u0131s\u0131 alt\u0131nda toplayabilecek deneyim, birikim ve altyap\u0131ya sahip ilk sivil eczac\u0131 \u00f6rg\u00fctlenmesi olan \u201c\u00c7a\u011fda\u015f Eczac\u0131lar Derne\u011fi\u201dnin, tarihsel ve g\u00fcncel anlamdaki \u00f6nemi, ilk resmi eczac\u0131 \u00f6rg\u00fct\u00fcn\u00fcn, 1956 tarihli \u201cT\u00fcrk Eczac\u0131lar\u0131 Birli\u011fi Yasas\u0131\u201d ile kuruldu\u011fu d\u00fc\u015f\u00fcn\u00fcl\u00fcrse daha iyi anla\u015f\u0131labilecektir.<\/p>\n<p style=\"color: #000000;\"><strong>AMA\u00c7<\/strong><\/p>\n<p style=\"color: #000000;\">Tarihsel k\u00f6k ve miras\u0131n\u0131n temelinde yeniden yap\u0131lanan, \u00c7a\u011fda\u015f Eczac\u0131lar Derne\u011fi\u2019nin amac\u0131, \u00f6zg\u00fcr d\u00fc\u015f\u00fcnmeyi, sorgulamay\u0131, ele\u015ftiri ve \u00f6zele\u015ftiri yapabilen etkin birey olabilmeyi, \u00fcretmeyi sorular kar\u015f\u0131s\u0131nda tav\u0131r alabilmeyi, bilgisini eylemle birle\u015ftirerek, \u00e7a\u011f\u0131n\u0131 daha iyiye, daha g\u00fczele y\u00f6neltebilmeyi ba\u015farabilen t\u00fcm \u00e7a\u011fda\u015f eczac\u0131lar\u0131 bu \u00f6rg\u00fct \u00e7at\u0131s\u0131 alt\u0131nda toplamak ve bu se\u00e7kin kadrolarla, insano\u011flunun \u00e7a\u011fda\u015f uygarl\u0131k ad\u0131na bug\u00fcne de\u011fin geli\u015ftirdi\u011fi t\u00fcm insani de\u011ferlere sahip \u00e7\u0131karak, s\u00f6m\u00fcr\u00fcs\u00fcz, e\u015fitlik\u00e7i, demokratik, bar\u0131\u015f i\u00e7inde bir \u00fclke ve d\u00fcnya i\u00e7in m\u00fccadele etmektedir.<\/p>\n<p style=\"color: #000000;\">Meslek \u00f6rg\u00fctlerini vesayet alt\u0131na almay\u0131 ama\u00e7layan 1982 Anayasas\u0131 T\u00fcrk Eczac\u0131lar\u0131 Birli\u011fi ve Eczac\u0131 Odalar\u0131n\u0131 da etkilemi\u015f, eczane sahibi olmayan eczac\u0131lar\u0131n, eczac\u0131 odalar\u0131yla ba\u011flar\u0131 kopar\u0131lm\u0131\u015ft\u0131r. \u00d6rg\u00fctlenme alan\u0131ndaki antidemokratik uygulamalar\u0131n yan\u0131 s\u0131ra, g\u00fcnl\u00fck b\u00fcrokratik i\u015flemler yo\u011funla\u015ft\u0131r\u0131lm\u0131\u015f, resmi otoriteye ba\u011f\u0131ml\u0131l\u0131k artt\u0131r\u0131lm\u0131\u015f, meslek odalar\u0131n\u0131n, toplumsal, politik ve bilimsel i\u015flevleri unutturulmaya \u00e7al\u0131\u015f\u0131lm\u0131\u015ft\u0131r.<\/p>\n<p style=\"color: #000000;\">\u00c7a\u011fda\u015f Eczac\u0131lar Derne\u011fi\u2019nin amac\u0131, \u00fclke genelinde oldu\u011fu gibi, meslek \u00f6zelimizi de etkileyen \u00f6rg\u00fctlenme \u00f6zg\u00fcrl\u00fc\u011f\u00fcn\u00fc yeniden var etmek, ba\u011f\u0131ms\u0131z bir meslek \u00f6rg\u00fct\u00fc olarak ilke ve program\u0131 \u00e7er\u00e7evesinde sorumluluk \u00fcstlenmektir.<\/p>\n<p style=\"color: #000000;\">\u00c7a\u011fda\u015f Eczac\u0131lar Derne\u011fi, ortak ama\u00e7lar \u00e7er\u00e7evesinde t\u00fcm sivil toplum \u00f6rg\u00fctleriyle birlikte \u00e7al\u0131\u015fmaya a\u00e7\u0131k ancak ilk sivil eczac\u0131 \u00f6rg\u00fct\u00fc olman\u0131n misyon ve sorumlulu\u011funu da ta\u015f\u0131yarak m\u00fccadelesini kendi kulvar\u0131nda s\u00fcrd\u00fcrmeye kararl\u0131 bir sivil toplum \u00f6rg\u00fct\u00fcd\u00fcr.<\/p>\n<p style=\"color: #000000;\">Kendisini \u00e7a\u011fda\u015f olarak tan\u0131mlayan t\u00fcm meslekta\u015flar\u0131m\u0131z\u0131n bu \u00e7at\u0131 alt\u0131nda se\u00e7kin bir yeri olacakt\u0131r.<\/p>\n<p style=\"color: #000000;\"><strong>\u0130LKELER\u0130M\u0130Z<\/strong><\/p>\n<ul style=\"color: #000000;\">\n<li>\u0130nsanca, e\u015fit, s\u00f6m\u00fcr\u00fcs\u00fcz bir d\u00fcnya i\u00e7in \u00e7aba g\u00f6stermeyi birincil g\u00f6rev kabul eder.<\/li>\n<li>\u00c7a\u011fda\u015fl\u0131\u011f\u0131, teknolojik olanaklar\u0131n kullan\u0131labilmesi olarak de\u011fil, \u00e7a\u011f\u0131n t\u00fcm olanaklar\u0131n\u0131n toplumun yarar\u0131na sunulmas\u0131 olarak de\u011ferlendirir.<\/li>\n<li>\u0130nsan onuru ve meslek onuru kavramlar\u0131n\u0131 \u00f6nemser ve savunur.<\/li>\n<li>Sa\u011fl\u0131\u011f\u0131, \u201cD\u00fcnya Sa\u011fl\u0131k \u00d6rg\u00fct\u00fc\u201d n\u00fcn tan\u0131mlad\u0131\u011f\u0131 bi\u00e7imde \u201cyaln\u0131z hastal\u0131k ve sakatl\u0131k durumunun olmay\u0131\u015f\u0131 de\u011fil, bedenen, ruhen ve toplumsal a\u00e7\u0131dan tam bir iyilik halidir\u201d \u015feklinde tan\u0131mlar ve bu tan\u0131mlamaya uygun politikalar izler.<\/li>\n<li>\u0130nsan haklar\u0131yla ilgili uluslararas\u0131 s\u00f6zle\u015fmelerin uygulanmas\u0131n\u0131 savunur.<\/li>\n<li>D\u00fc\u015f\u00fcnce \u00f6zg\u00fcrl\u00fc\u011f\u00fc, din ve vicdan \u00f6zg\u00fcrl\u00fc\u011f\u00fc, ifade ve \u00f6rg\u00fctlenme \u00f6zg\u00fcrl\u00fc\u011f\u00fc i\u00e7in m\u00fccadele eder.<\/li>\n<li>Hukukun \u00fcst\u00fcnl\u00fc\u011f\u00fcne dayanan ileri bir demokratik toplum anlay\u0131\u015f\u0131n\u0131 benimser.<\/li>\n<li>Sa\u011fl\u0131kl\u0131 ya\u015fama ve sa\u011fl\u0131kl\u0131 hizmetlerinden yararlanma hakk\u0131n\u0131n t\u00fcm bireyler i\u00e7in do\u011fu\u015ftan kazan\u0131lm\u0131\u015f bir hak oldu\u011funu kabul eder.<\/li>\n<li>Koruyucu ve tedavi edici sa\u011fl\u0131k hizmetlerinin birlikte \u00e7\u00f6z\u00fcmlenmesini t\u00fcm insanlara sa\u011fl\u0131kl\u0131 ve dengeli bir \u00e7evrede ya\u015fama hakk\u0131n\u0131n verilmesini \u00f6ncelikli g\u00f6rev kabul eder.<\/li>\n<li>Ki\u015finin temel hak ve \u00f6zg\u00fcrl\u00fcklerinden \u00f6d\u00fcn vermez, ba\u015fta i\u015fkence olmak \u00fczere her t\u00fcrl\u00fc insanl\u0131k d\u0131\u015f\u0131 m\u00fcdahalenin kar\u015f\u0131s\u0131nda yer al\u0131r.<\/li>\n<li>Bar\u0131\u015ftan yanad\u0131r, sava\u015fa, silahlanmaya kar\u015f\u0131 \u00e7\u0131kar.<\/li>\n<li>\u0130nsano\u011flunun yaratt\u0131\u011f\u0131 k\u00fclt\u00fcr de\u011ferlerine sahip \u00e7\u0131kar ve \u00fcyeleriyle payla\u015fmaya \u00e7al\u0131\u015f\u0131r.<\/li>\n<li>Her t\u00fcrl\u00fc sosyal, siyasal ve \u00e7evresel kirlenmeye kar\u015f\u0131 m\u00fccadele eder.<\/li>\n<li>\u0130lac\u0131n ticari bir meta de\u011fil, ayr\u0131cal\u0131kl\u0131 toplumsal bir \u00fcr\u00fcn oldu\u011funu, \u00fcretiminden t\u00fcketimine, sosyal devletin denetimde olmas\u0131 gerekti\u011fini kabul eder.<\/li>\n<li>T\u00fcm kamu \u00e7al\u0131\u015fanlar\u0131n\u0131n oldu\u011fu gibi, kamudaki sa\u011fl\u0131k \u00e7al\u0131\u015fanlar\u0131n\u0131n da grevli toplu s\u00f6zle\u015fmeli sendikal haklar\u0131n\u0131 savunur.<\/li>\n<li>Meslek \u00f6rg\u00fctlerinin ba\u011f\u0131ms\u0131zl\u0131\u011f\u0131na ve \u00f6rg\u00fct demokrasisine sahip \u00e7\u0131kar.<\/li>\n<li>\u0130lac\u0131n, \u00fcretiminden t\u00fcketimine de\u011fin, konunun uzman\u0131 eczac\u0131n\u0131n denetimi alt\u0131nda olmas\u0131 gere\u011fini kabul eder.<\/li>\n<li>Eczac\u0131 kooperatiflerinin toplumsal, demokratik, saydam yap\u0131s\u0131n\u0131n korunmas\u0131 ve geli\u015ftirilmesi i\u00e7in \u00e7aba sarf eder.<\/li>\n<\/ul>\n<p style=\"color: #000000;\"><strong>PROGRAM<\/strong><\/p>\n<p style=\"color: #000000;\">\u201c\u00c7a\u011fda\u015f Eczac\u0131lar Derne\u011fi\u201d, varolu\u015f ilkeleri do\u011frultusunda a\u015fa\u011f\u0131da belirtilen konularda \u00e7al\u0131\u015fmalar yapar.<\/p>\n<ul style=\"color: #000000;\">\n<li>\u00d6ncelikle, ila\u00e7, eczac\u0131l\u0131k ve halk sa\u011fl\u0131\u011f\u0131 olmak \u00fczere \u00fclke sorunlar\u0131na y\u00f6nelik d\u00fc\u015f\u00fcnce, birikim ve \u00f6nerilerini, meslekta\u015flar\u0131 ve kamuoyu ile payla\u015f\u0131r, ya\u015fama ge\u00e7irebilmesi i\u00e7in \u00e7aba g\u00f6sterir. Bu ama\u00e7la yaz\u0131l\u0131 ve g\u00f6rsel bas\u0131nla ili\u015fki kurar, bas\u0131n toplant\u0131lar\u0131 d\u00fczenler, yay\u0131n organlar\u0131 \u00e7\u0131kar\u0131r.<\/li>\n<li>\u00dcyeleri ve meslekta\u015flar\u0131n\u0131n sosyal ve ekonomik sorunlar\u0131n\u0131n \u00e7\u00f6z\u00fcm\u00fcne y\u00f6nelik projeler \u00fcretir, bu projeleri ya\u015fama ge\u00e7irebilmek i\u00e7in gerekli \u00e7al\u0131\u015fmalar\u0131 yapar.<\/li>\n<li>\u201c\u00c7a\u011fda\u015f Eczac\u0131lar Derne\u011fi\u201d, ilkelerinin \u00f6ncelikle eczac\u0131 toplumunda olmak \u00fczere \u00fclke genelinde yayg\u0131nla\u015ft\u0131r\u0131lmas\u0131 i\u00e7in \u00e7al\u0131\u015f\u0131r.<\/li>\n<li>\u00dclke \u00e7al\u0131\u015fanlar\u0131n\u0131, halk sa\u011fl\u0131\u011f\u0131n\u0131 ve \u00fcyelerinin haklar\u0131n\u0131 savunmak amac\u0131yla gerekti\u011finde devletin yasama, y\u00fcr\u00fctme ve yarg\u0131 organlar\u0131na ba\u015fvurur.<\/li>\n<li>Toplumun ve meslekta\u015flar\u0131n\u0131n e\u011fitimine katk\u0131da bulunmak amac\u0131yla kitapl\u0131klar kurar, yaz\u0131l\u0131 ve g\u00f6rsel bas\u0131n\u0131 izler, panel, seminer, sempozyum, e\u011fitim \u00e7al\u0131\u015fmalar\u0131 ve toplant\u0131lar d\u00fczenler, gerekti\u011finde lokaller a\u00e7ar.<\/li>\n<li>\u00d6ncelikle eczac\u0131 \u00f6rg\u00fctleri olmak \u00fczere, di\u011fer sivil toplum \u00f6rg\u00fctleriyle, ortak ama\u00e7lar \u00e7er\u00e7evesinde i\u015fbirli\u011fi yapar, birlikte \u00e7al\u0131\u015f\u0131r.<\/li>\n<li>\u00dcyeleri, meslekta\u015flar\u0131 ve meslek \u00f6rg\u00fctleri aras\u0131ndaki dayan\u0131\u015fmay\u0131 g\u00fc\u00e7lendirmek, \u00fcyeleriyle toplumun farkl\u0131 kesimleri aras\u0131nda sa\u011fl\u0131kl\u0131 ileti\u015fim kurmak amac\u0131yla \u00e7al\u0131\u015fmalar yapar.<\/li>\n<li>Uzun erimli bir program \u00e7er\u00e7evesinde, Derne\u011fin t\u00fcm il merkezlerinde \u015fube, il\u00e7elerde ise temsilcilik d\u00fczeyinde \u00f6rg\u00fctlenmesini sa\u011flar.<\/li>\n<\/ul>\n<p style=\"color: #000000;\"><strong>\u015eUBELER<\/strong><\/p>\n<ul style=\"color: #000000;\">\n<li><strong>\u00c7ED \u0130STANBUL \u015eUBE<\/strong><\/li>\n<li><strong>\u00c7ED \u0130ZM\u0130R \u015eUBE<\/strong><\/li>\n<li><strong>\u00c7ED BURSA \u015eUBE<\/strong><\/li>\n<\/ul>\n","protected":false},"excerpt":{"rendered":"<p>TAR\u0130H\u0130M\u0130Z \u201c\u00c7a\u011fda\u015f Eczac\u0131lar Derne\u011fi\u201d, yakla\u015f\u0131k y\u00fcz y\u0131ll\u0131k ge\u00e7mi\u015fe sahip ilk sivil eczac\u0131 \u00f6rg\u00fctlenmesinin g\u00fcn\u00fcm\u00fczdeki son \u00e7at\u0131s\u0131d\u0131r. \u0130kinci Me\u015frutiyetin ilan\u0131ndan hemen&#46;&#46;&#46;<\/p>\n","protected":false},"author":1,"featured_media":4327,"parent":0,"menu_order":6,"comment_status":"open","ping_status":"open","template":"","meta":{"footnotes":""},"class_list":["post-2","page","type-page","status-publish","has-post-thumbnail","hentry"],"aioseo_notices":[],"jetpack_sharing_enabled":true,"jetpack-related-posts":[],"_links":{"self":[{"href":"http:\/\/www.ced.org.tr\/index.php?rest_route=\/wp\/v2\/pages\/2","targetHints":{"allow":["GET"]}}],"collection":[{"href":"http:\/\/www.ced.org.tr\/index.php?rest_route=\/wp\/v2\/pages"}],"about":[{"href":"http:\/\/www.ced.org.tr\/index.php?rest_route=\/wp\/v2\/types\/page"}],"author":[{"embeddable":true,"href":"http:\/\/www.ced.org.tr\/index.php?rest_route=\/wp\/v2\/users\/1"}],"replies":[{"embeddable":true,"href":"http:\/\/www.ced.org.tr\/index.php?rest_route=%2Fwp%2Fv2%2Fcomments&post=2"}],"version-history":[{"count":4,"href":"http:\/\/www.ced.org.tr\/index.php?rest_route=\/wp\/v2\/pages\/2\/revisions"}],"predecessor-version":[{"id":6186,"href":"http:\/\/www.ced.org.tr\/index.php?rest_route=\/wp\/v2\/pages\/2\/revisions\/6186"}],"wp:featuredmedia":[{"embeddable":true,"href":"http:\/\/www.ced.org.tr\/index.php?rest_route=\/wp\/v2\/media\/4327"}],"wp:attachment":[{"href":"http:\/\/www.ced.org.tr\/index.php?rest_route=%2Fwp%2Fv2%2Fmedia&parent=2"}],"curies":[{"name":"wp","href":"https:\/\/api.w.org\/{rel}","templated":true}]}}